{"id":2809,"date":"2022-06-23T11:11:32","date_gmt":"2022-06-23T11:11:32","guid":{"rendered":"https:\/\/www.greco-dentalcare.it\/pflege-von-karies\/"},"modified":"2025-05-05T17:17:55","modified_gmt":"2025-05-05T17:17:55","slug":"pflege-von-karies","status":"publish","type":"page","link":"https:\/\/globaldentalcare.it\/de\/pflege-von-karies\/","title":{"rendered":"Pflege von Karies"},"content":{"rendered":"<div class=\"wpb-content-wrapper\"><p>[vc_row][vc_column][vc_row_inner][vc_column_inner width=&#8221;1\/6&#8243;][\/vc_column_inner][vc_column_inner width=&#8221;2\/3&#8243; ct_column_inner_class=&#8221;rm-padding-sm&#8221; css=&#8221;.vc_custom_1544857845421{padding-right: 40px !important;padding-bottom: 61px !important;padding-left: 40px !important;}&#8221;][ct_heading text=&#8221;Kariesbehandlung | Bozen&#8221; text_below=&#8221;Behandlungen&#8221; align_lg=&#8221;align-center&#8221; align_md=&#8221;align-center-md&#8221; align_sm=&#8221;align-center-sm&#8221; align_xs=&#8221;align-center-xs&#8221; font_weight=&#8221;&#8221; description=&#8221;<b>Karies<\/b> ist eine Infektionskrankheit mit chronisch-degenerativem Charakter und multifaktoriellem Ursprung, d.h. es m\u00fcssen mehrere Faktoren zusammenwirken, um sie zu verursachen.&#8221; description_font_size=&#8221;18&#8243; description_color=&#8221;#1e3b76&#8243;][\/vc_column_inner][vc_column_inner width=&#8221;1\/6&#8243;][\/vc_column_inner][\/vc_row_inner][\/vc_column][\/vc_row][vc_row full_width=&#8221;stretch_row_content_no_spaces&#8221; equal_height=&#8221;yes&#8221; content_placement=&#8221;middle&#8221; ct_row_class=&#8221;bg-primary&#8221;][vc_column ct_column_class=&#8221;rm-padding-sm&#8221; css=&#8221;.vc_custom_1652786225531{padding-top: 0px !important;padding-right: 90px !important;padding-left: 70px !important;background-position: center !important;background-repeat: no-repeat !important;background-size: cover !important;}&#8221; offset=&#8221;vc_col-lg-6 vc_col-md-6&#8243;][ct_space space_lg=&#8221;115&#8243; space_md=&#8221;115&#8243; space_sm=&#8221;115&#8243; space_xs=&#8221;60&#8243;][ct_heading text=&#8221;Erkennen der ersten Symptome von Karies&#8221; font_weight=&#8221;&#8221; text_color=&#8221;#ffffff&#8221; subtitle=&#8221;Ein \u00dcberblick \u00fcber die Kariesbehandlung&#8221; subtitle_font_size=&#8221;14&#8243; subtitle_color=&#8221;#ffffff&#8221; description=&#8221;<br \/>\nViele Eltern, die t\u00e4glich auf die Mundhygiene ihrer Kinder achten, versuchen, die Symptome von Karies fr\u00fchzeitig zu erkennen. Das ist keine leichte Aufgabe, denn f\u00fcr den Laien ist es fast unm\u00f6glich, einen kleinen Fleck von den Anf\u00e4ngen der Karies zu unterscheiden. Es gibt jedoch bestimmte Anzeichen, auf die man achten sollte und die, wenn sie zusammen auftreten, die Alarmglocken schrillen lassen: <b>Flecken<\/b>, <b>Empfindlichkeit<\/b>, <b>Schmerzen<\/b>.&#8221; description_font_size=&#8221;22&#8243; description_line_height=&#8221;30&#8243; description_color=&#8221;#f6f7fe&#8221; margin_top=&#8221;26&#8243; margin_bottom=&#8221;35&#8243;][ct_space space_lg=&#8221;121&#8243; space_md=&#8221;100&#8243; space_sm=&#8221;80&#8243; space_xs=&#8221;40&#8243;][\/vc_column][vc_column css=&#8221;.vc_custom_1656323873865{padding-top: 0px !important;background-image: url(https:\/\/globaldentalcare.it\/wp-content\/uploads\/2022\/06\/carie-christian-greco-dental-care.png?id=1353) !important;background-position: center !important;background-repeat: no-repeat !important;background-size: cover !important;}&#8221; offset=&#8221;vc_col-lg-6 vc_col-md-6&#8243;][\/vc_column][\/vc_row][vc_row full_width=&#8221;stretch_row_content_no_spaces&#8221; equal_height=&#8221;yes&#8221; content_placement=&#8221;middle&#8221; ct_row_class=&#8221;bg-primary&#8221;][vc_column width=&#8221;2\/3&#8243; ct_column_class=&#8221;rm-padding-sm&#8221; css=&#8221;.vc_custom_1652869483254{padding-top: 0px !important;padding-right: 50px !important;padding-left: 70px !important;background-color: #ffffff !important;}&#8221;][ct_space space_lg=&#8221;121&#8243; space_md=&#8221;100&#8243; space_sm=&#8221;80&#8243; space_xs=&#8221;55&#8243;][vc_single_image image=&#8221;2281&#8243; img_size=&#8221;full&#8221; css=&#8221;.vc_custom_1656950151983{margin-top: -15px !important;margin-bottom: -15px !important;}&#8221; el_class=&#8221;icona&#8221;][ct_heading text=&#8221;P\u00e4diatrische Karies&#8221; font_weight=&#8221;&#8221; subtitle_font_size=&#8221;16&#8243; subtitle_color=&#8221;#ffffff&#8221; description=&#8221;Die <b>Karieserkrankung<\/b> kann auch Milchz\u00e4hne betreffen und <b>ist im Kindesalter sehr h\u00e4ufig<\/b>; sie betrifft 18 % der Kinder zwischen 2 und 4 Jahren, 52 % der Kinder zwischen 6 und 8 Jahren und 61 % der Jugendlichen im Alter von 15 Jahren.<\/p>\n<p>Die <b>Kinderzahnheilkunde<\/b> ist der Zweig der Zahnheilkunde, der sich mit der Vorbeugung und Behandlung von Mundkrankheiten, einschlie\u00dflich Karies, bei Kindern im Alter von 0 bis 16 Jahren befasst.<br \/>\nF\u00e4lschlicherweise wird oft angenommen, dass Milchz\u00e4hne keiner Pflege und Kontrolle bed\u00fcrfen, weil sie ausfallen werden. In Wirklichkeit spielen die Gesundheit und der Erhalt dieser Z\u00e4hne eine grundlegende Rolle f\u00fcr den richtigen Durchbruch und die Gesundheit der nachfolgenden <b>st\u00e4ndigen Z\u00e4hne<\/b>.<br \/>\nSie halten den Platz im Zahnbogen aufrecht und steuern den Durchbruch der bleibenden Z\u00e4hne, erm\u00f6glichen eine gute Kau- und Sprachfunktion und steuern das Skelettwachstum. Dar\u00fcber hinaus k\u00f6nnen Infektionen und Abszesse, die f\u00fcr das Kind sehr unangenehm sind und oft eine antibiotische Behandlung erfordern, <b>irreversible Sch\u00e4den<\/b> an der Knospe des bleibenden (embryonalen) Zahns verursachen.&#8221; description_font_size=&#8221;16&#8243; description_line_height=&#8221;26&#8243; description_color=&#8221;#1e3b76&#8243; margin_bottom=&#8221;35&#8243; el_class=&#8221;titoloIcona&#8221;][vc_empty_space height=&#8221;38&#8243;][ct_space space_lg=&#8221;121&#8243; space_md=&#8221;100&#8243; space_sm=&#8221;80&#8243; space_xs=&#8221;0&#8243;][ct_heading text=&#8221;Wie man Karies vorbeugt&#8221; font_weight=&#8221;&#8221;][vc_column_text]Die <strong>Kariesprophylaxe<\/strong> beginnt im Kindesalter und der erste Besuch ist nach Angaben des Gesundheitsministeriums im Alter von 18 bis 24 Monaten ratsam.<\/p>\n<p>Eine <a href=\"https:\/\/globaldentalcare.it\/de\/paediatrische-zahnmedizin\/\"><strong>Erstuntersuchung<\/strong> im fr\u00fchen Alter<\/a> erm\u00f6glicht es, die Mundh\u00f6hle des Kindes zu inspizieren und eventuelle <strong>kari\u00f6se Pathologien<\/strong> in einem fr\u00fchen Stadium abzufangen, aber vor allem erm\u00f6glicht sie es, den Eltern alle &#8211; oft unbekannten &#8211; Informationen zu \u00fcbermitteln, um den Ausbruch der Krankheit selbst zu verhindern.<\/p>\n<p>Es gibt einige sehr n\u00fctzliche Methoden zur <strong>Vorbeugung von Karies im Kindesalter:<\/strong><\/p>\n<ul>\n<li>Die <strong>Fluorprophylaxe<\/strong> ist von grundlegender Bedeutung. Es ist <strong>wissenschaftlich erwiesen<\/strong>, dass die t\u00e4gliche Anwendung von Fluorid zu Hause durch<strong> Zahnpasten<\/strong> oder die professionelle Anwendung in der Zahnarztpraxis auf viertel- oder halbj\u00e4hrlicher Basis durch Fluoritlacke das Auftreten von Karies sowohl an Milchz\u00e4hnen als auch an bleibenden Z\u00e4hnen stark verhindert. Der Verst\u00e4rkungsmechanismus, den Fluorid auf den Zahnschmelz aus\u00fcbt, ist die Grundlage daf\u00fcr, dass der Zahn weniger leicht eine <strong><strong>Demineralisierung und damit Karies zu entwickeln.<\/strong><\/strong><\/li>\n<\/ul>\n<ul>\n<li>Die zweite sehr wirksame Methode ist die <a href=\"https:\/\/globaldentalcare.it\/de\/zahnversiegelung\/\" target=\"_blank\" rel=\"noopener\"><strong>Zahnversiegelung<\/strong><\/a>. Dabei handelt es sich um eine nicht-invasive und schmerzfreie Methode, die darauf abzielt,<strong> die Unregelm\u00e4\u00dfigkeiten der Rillen und Gr\u00fcbchen der bleibenden Molaren und Pr\u00e4molaren<\/strong> und in bestimmten F\u00e4llen auch der Milchmolaren<strong> zu schlie\u00dfen<\/strong>. Dies sind n\u00e4mlich die Oberfl\u00e4chen, die am st\u00e4rksten der Retention von<strong> bakterieller Plaque<\/strong> und damit der Entstehung von Karies ausgesetzt sind. Nach der j\u00fcngsten Aktualisierung wird die Versiegelung der 4 ersten bleibenden Backenz\u00e4hne, die im Alter von 5-7 Jahren durchbrechen und keine Milchz\u00e4hne ersetzen, sp\u00e4testens in den ersten 2 Jahren nach dem Durchbruch empfohlen. Es wird gesch\u00e4tzt, dass das Auftreten von Karies in den n\u00e4chsten 15 Jahren um 74% reduziert wird. <strong>Die Zahnversiegelung muss nicht entfernt werden, unterliegt aber mit der Zeit einem spontanen Abrieb.<\/strong><\/li>\n<\/ul>\n<p>[\/vc_column_text][ct_heading text=&#8221;Wie Karies behandelt wird&#8221; font_weight=&#8221;&#8221;][vc_column_text]Die <strong>Kariesbehandlung bei Kindern<\/strong> umfasst im Gro\u00dfen und Ganzen die gleichen Verfahren wie bei Erwachsenen.<\/p>\n<p>Es ist notwendig, <strong>das kari\u00f6se Gewebe<\/strong> mit Hand- oder rotierenden Instrumenten <strong>zu reinigen<\/strong>. Nach der Reinigung der Kavit\u00e4t wird diese mit einem speziellen, f\u00fcr den Milchzahn geeigneten Material verschlossen.<\/p>\n<p>Ein wesentlicher Unterschied, der bei der Behandlung von <strong>Milchz\u00e4hnen<\/strong> im Vergleich zu<strong> bleibenden Z\u00e4hnen<\/strong> zu ber\u00fccksichtigen ist, besteht darin <strong>, dass das Hartgewebe aus Schmelz und Dentin<\/strong> im ersteren Fall <strong>viel d\u00fcnner<\/strong> und die Kammer, die die Pulpa beherbergt, viel gr\u00f6\u00dfer ist; daher ist es f\u00fcr den <strong>kari\u00f6sen Prozess<\/strong> leichter, <strong> <a href=\"https:\/\/globaldentalcare.it\/de\/endodontie\/\" target=\"_blank\" rel=\"noopener\">das Endodontium in kurzer Zeit zu beeintr\u00e4chtigen und eine Pulpapathologie auszul\u00f6sen<\/a><\/strong>.<\/p>\n<p>In diesen F\u00e4llen kann der Zahn nicht mehr mit einer normalen F\u00fcllung repariert werden, sondern es ist eine richtige <strong>Wurzelkanalbehandlung<\/strong> erforderlich, die vereinfacht und an die unterschiedliche Wurzelanatomie von Milchz\u00e4hnen angepasst ist.<\/p>\n<p>Aus diesem Grund <strong>ist die Kariesbehandlung bei Milchz\u00e4hnen immer komplizierter als bei bleibenden Z\u00e4hnen<\/strong>, ganz zu schweigen von der potenziell weniger kooperativen Natur eines kleinen Kindes im Vergleich zu einem Erwachsenen. Daher ist es von grundlegender Bedeutung, <strong>alle m\u00f6glichen Pr\u00e4ventivma\u00dfnahmen zu ergreifen, um Karies bei Milchz\u00e4hnen zu vermeiden.<\/strong>[\/vc_column_text][\/vc_column][vc_column width=&#8221;1\/3&#8243;][vc_wp_custommenu nav_menu=&#8221;62&#8243; title=&#8221;Zahnpflege&#8221;][vc_zigzag color=&#8221;white&#8221;][ct_contact_form id=&#8221;1672&#8243; form_style=&#8221;modern&#8221; title=&#8221;Buchen Sie einen Besuch&#8221;][\/vc_column][\/vc_row][vc_row full_width=&#8221;stretch_row&#8221; ct_row_class=&#8221;bg-secondary&#8221; el_id=&#8221;faq&#8221;][vc_column css=&#8221;.vc_custom_1746465470217{padding-top: 26px !important;}&#8221;][vc_row_inner][vc_column_inner width=&#8221;1\/6&#8243;][\/vc_column_inner][vc_column_inner width=&#8221;2\/3&#8243; ct_column_inner_class=&#8221;rm-padding-sm&#8221; css=&#8221;.vc_custom_1544759112756{padding-right: 40px !important;padding-bottom: 74px !important;padding-left: 40px !important;}&#8221;][ct_heading text=&#8221;H\u00e4ufig gestellte Fragen: Pflege bei Karies&#8221; text_below=&#8221;FAQ&#8221; align_lg=&#8221;align-center&#8221; align_md=&#8221;align-center-md&#8221; align_sm=&#8221;align-center-sm&#8221; align_xs=&#8221;align-center-xs&#8221; font_weight=&#8221;&#8221;][\/vc_column_inner][vc_column_inner width=&#8221;1\/6&#8243;][\/vc_column_inner][\/vc_row_inner][vc_toggle title=&#8221;Woran erkennt man, dass der Zahn eines Kindes Karies entwickelt?&#8221;]Eltern sind oft nicht in der Lage, <strong>eine Karies<\/strong> im Fr\u00fchstadium <strong>zu erkennen<\/strong>, denn die kari\u00f6se L\u00e4sion beginnt mit einem kleinen, undurchsichtigen wei\u00dfen oder gr\u00e4ulichen Fleck auf dem Zahnschmelz, der nur f\u00fcr das ge\u00fcbte Auge des Zahnarztes schwer zu erkennen ist.<\/p>\n<p>Erst sp\u00e4ter <strong>wird<\/strong> die <strong>L\u00e4sion kavitiert<\/strong> und es bildet sich das klassische &#8216;Loch&#8217;, das bei normalen Hygieneman\u00f6vern zu Hause sichtbar ist.<\/p>\n<p>Leider bedeutet jedoch, vor allem bei Milchz\u00e4hnen, wenn Karies jetzt leicht sichtbar ist, dass der Zahn bereits stark gesch\u00e4digt und schwieriger zu reparieren ist. In den fr\u00fchen Stadien <strong>kann eine kari\u00f6se L\u00e4sion<\/strong> zudem ohne invasive Eingriffe <strong>leicht gestoppt werden<\/strong>, sondern nur mit Fluorprophylaxema\u00dfnahmen und \u00c4nderungen der Hygiene- und Essgewohnheiten.[\/vc_toggle][vc_toggle title=&#8221;Wenn der Zahn eines Kindes kari\u00f6s ist, muss es dann so schnell wie m\u00f6glich zum Zahnarzt gehen?&#8221;]<strong>Karies an<\/strong> Milchz\u00e4hnen schreitet gerade wegen der Struktur des Milchzahns sehr schnell voran. Daher ist es immer besser, <strong>den Besuch beim Kinderzahnarzt nicht zu lange hinauszuschieben<\/strong>, sobald man eine kari\u00f6se L\u00e4sion bemerkt oder vermutet.<\/p>\n<p>Karies kann schnell Schmerzen verursachen und die Vitalit\u00e4t des Zahns beeintr\u00e4chtigen, was zu einer Infektion f\u00fchrt. Noch besser ist es, das Kind zum ersten Besuch zu bringen, bevor eine Zahnkrankheit auftritt, um zu verhindern, dass der erste Zahnarztbesuch des Kindes mit einem unangenehmen oder schmerzhaften Ereignis verbunden ist.[\/vc_toggle][vc_toggle title=&#8221;Ist Karies ansteckend?&#8221;]Da es sich um eine <strong>bakterielle Infektionskrankheit<\/strong> handelt, besteht die M\u00f6glichkeit, Kariesbakterien auf eine andere Person zu \u00fcbertragen, einfach durch den Austausch von Speichel, zum Beispiel durch das gemeinsame Benutzen des gleichen Bestecks.<\/p>\n<p><strong>Die Mundh\u00f6hle eines Babys ist bei der Geburt steril<\/strong> und daher sind keine Kariesbakterien im Mund des Babys vorhanden. Wenn die Mutter zum Beispiel Karies hatte und ihren L\u00f6ffel Babynahrung zum Probieren weitergab, konnte sie diese Bakterien auf das Baby \u00fcbertragen.<br \/>\n<strong>Es muss daher immer darauf geachtet werden, dass sowohl Erwachsene als auch Geschwister oder andere Kinder kein Besteck<\/strong> oder andere Gewohnheiten <strong>austauschen<\/strong>, die zu einer bakteriellen \u00dcbertragung in der Mundh\u00f6hle f\u00fchren.<\/p>\n<p>Es handelt sich jedoch um eine Krankheit mit einer <strong>multifaktoriellen<\/strong> \u00c4tiologie, so dass andere Faktoren dazu beitragen m\u00fcssen, damit die Krankheit bei der betreffenden Person auftritt.[\/vc_toggle][\/vc_column][\/vc_row]<\/p>\n<\/div>","protected":false},"excerpt":{"rendered":"<p>[vc_row][vc_column][vc_row_inner][vc_column_inner width=&#8221;1\/6&#8243;][\/vc_column_inner][vc_column_inner width=&#8221;2\/3&#8243; ct_column_inner_class=&#8221;rm-padding-sm&#8221; css=&#8221;.vc_custom_1544857845421{padding-right: 40px !important;padding-bottom: 61px !important;padding-left: 40px !important;}&#8221;][ct_heading text=&#8221;Kariesbehandlung | Bozen&#8221; text_below=&#8221;Behandlungen&#8221; align_lg=&#8221;align-center&#8221; align_md=&#8221;align-center-md&#8221; align_sm=&#8221;align-center-sm&#8221; align_xs=&#8221;align-center-xs&#8221; font_weight=&#8221;&#8221; description=&#8221;Karies ist eine Infektionskrankheit mit chronisch-degenerativem Charakter und multifaktoriellem Ursprung, d.h. es m\u00fcssen mehrere Faktoren zusammenwirken, um sie zu verursachen.&#8221; description_font_size=&#8221;18&#8243; description_color=&#8221;#1e3b76&#8243;][\/vc_column_inner][vc_column_inner width=&#8221;1\/6&#8243;][\/vc_column_inner][\/vc_row_inner][\/vc_column][\/vc_row][vc_row full_width=&#8221;stretch_row_content_no_spaces&#8221; equal_height=&#8221;yes&#8221; content_placement=&#8221;middle&#8221; ct_row_class=&#8221;bg-primary&#8221;][vc_column ct_column_class=&#8221;rm-padding-sm&#8221; css=&#8221;.vc_custom_1652786225531{padding-top: 0px !important;padding-right: 90px !important;padding-left: 70px !important;background-position: [&hellip;]<\/p>\n","protected":false},"author":1,"featured_media":0,"parent":0,"menu_order":0,"comment_status":"closed","ping_status":"closed","template":"","meta":{"footnotes":""},"class_list":["post-2809","page","type-page","status-publish","hentry"],"yoast_head":"<!-- This site is optimized with the Yoast SEO plugin v26.5 - https:\/\/yoast.com\/wordpress\/plugins\/seo\/ -->\n<title>Kariesbehandlung in Bozen - Global Dental Care<\/title>\n<meta name=\"description\" content=\"Kariespr\u00e4vention und -behandlung: Global Dental Care ist in der Lage, Karies mit den innovativsten und leistungsf\u00e4higsten Instrumenten in Bozen zu behandeln.\" \/>\n<meta name=\"robots\" content=\"index, follow, max-snippet:-1, max-image-preview:large, max-video-preview:-1\" \/>\n<link rel=\"canonical\" href=\"https:\/\/globaldentalcare.it\/de\/pflege-von-karies\/\" \/>\n<meta property=\"og:locale\" content=\"de_DE\" \/>\n<meta property=\"og:type\" content=\"article\" \/>\n<meta property=\"og:title\" content=\"Kariesbehandlung in Bozen - Global Dental Care\" \/>\n<meta property=\"og:description\" content=\"Kariespr\u00e4vention und -behandlung: Global Dental Care ist in der Lage, Karies mit den innovativsten und leistungsf\u00e4higsten Instrumenten in Bozen zu behandeln.\" \/>\n<meta property=\"og:url\" content=\"https:\/\/globaldentalcare.it\/de\/pflege-von-karies\/\" \/>\n<meta property=\"og:site_name\" content=\"Global Dental Care\" \/>\n<meta property=\"article:publisher\" content=\"https:\/\/www.facebook.com\/grecodentalcare\" \/>\n<meta property=\"article:modified_time\" content=\"2025-05-05T17:17:55+00:00\" \/>\n<meta name=\"twitter:card\" content=\"summary_large_image\" \/>\n<meta name=\"twitter:title\" content=\"Kariesbehandlung in Bozen - Global Dental Care\" \/>\n<meta name=\"twitter:description\" content=\"Kariespr\u00e4vention und -behandlung: Global Dental Care ist in der Lage, Karies mit den innovativsten und leistungsf\u00e4higsten Instrumenten in Bozen zu behandeln.\" \/>\n<meta name=\"twitter:label1\" content=\"Gesch\u00e4tzte Lesezeit\" \/>\n\t<meta name=\"twitter:data1\" content=\"7\u00a0Minuten\" \/>\n<script type=\"application\/ld+json\" class=\"yoast-schema-graph\">{\"@context\":\"https:\/\/schema.org\",\"@graph\":[{\"@type\":\"WebPage\",\"@id\":\"https:\/\/globaldentalcare.it\/de\/pflege-von-karies\/\",\"url\":\"https:\/\/globaldentalcare.it\/de\/pflege-von-karies\/\",\"name\":\"Kariesbehandlung in Bozen - Global Dental Care\",\"isPartOf\":{\"@id\":\"https:\/\/globaldentalcare.it\/de\/#website\"},\"datePublished\":\"2022-06-23T11:11:32+00:00\",\"dateModified\":\"2025-05-05T17:17:55+00:00\",\"description\":\"Kariespr\u00e4vention und -behandlung: Global Dental Care ist in der Lage, Karies mit den innovativsten und leistungsf\u00e4higsten Instrumenten in Bozen zu behandeln.\",\"breadcrumb\":{\"@id\":\"https:\/\/globaldentalcare.it\/de\/pflege-von-karies\/#breadcrumb\"},\"inLanguage\":\"de\",\"potentialAction\":[{\"@type\":\"ReadAction\",\"target\":[\"https:\/\/globaldentalcare.it\/de\/pflege-von-karies\/\"]}]},{\"@type\":\"BreadcrumbList\",\"@id\":\"https:\/\/globaldentalcare.it\/de\/pflege-von-karies\/#breadcrumb\",\"itemListElement\":[{\"@type\":\"ListItem\",\"position\":1,\"name\":\"Home\",\"item\":\"https:\/\/globaldentalcare.it\/de\/\"},{\"@type\":\"ListItem\",\"position\":2,\"name\":\"Pflege von Karies\"}]},{\"@type\":\"WebSite\",\"@id\":\"https:\/\/globaldentalcare.it\/de\/#website\",\"url\":\"https:\/\/globaldentalcare.it\/de\/\",\"name\":\"Global Dental Care\",\"description\":\"Global Dental Care\",\"publisher\":{\"@id\":\"https:\/\/globaldentalcare.it\/de\/#organization\"},\"potentialAction\":[{\"@type\":\"SearchAction\",\"target\":{\"@type\":\"EntryPoint\",\"urlTemplate\":\"https:\/\/globaldentalcare.it\/de\/?s={search_term_string}\"},\"query-input\":{\"@type\":\"PropertyValueSpecification\",\"valueRequired\":true,\"valueName\":\"search_term_string\"}}],\"inLanguage\":\"de\"},{\"@type\":\"Organization\",\"@id\":\"https:\/\/globaldentalcare.it\/de\/#organization\",\"name\":\"Global Dental Care\",\"url\":\"https:\/\/globaldentalcare.it\/de\/\",\"logo\":{\"@type\":\"ImageObject\",\"inLanguage\":\"de\",\"@id\":\"https:\/\/globaldentalcare.it\/de\/#\/schema\/logo\/image\/\",\"url\":\"https:\/\/globaldentalcare.it\/wp-content\/uploads\/2024\/02\/logo-greco-dental-care.jpg\",\"contentUrl\":\"https:\/\/globaldentalcare.it\/wp-content\/uploads\/2024\/02\/logo-greco-dental-care.jpg\",\"width\":696,\"height\":696,\"caption\":\"Global Dental Care\"},\"image\":{\"@id\":\"https:\/\/globaldentalcare.it\/de\/#\/schema\/logo\/image\/\"},\"sameAs\":[\"https:\/\/www.facebook.com\/grecodentalcare\",\"https:\/\/www.instagram.com\/greco_dental_care\/\"]}]}<\/script>\n<!-- \/ Yoast SEO plugin. -->","yoast_head_json":{"title":"Kariesbehandlung in Bozen - Global Dental Care","description":"Kariespr\u00e4vention und -behandlung: Global Dental Care ist in der Lage, Karies mit den innovativsten und leistungsf\u00e4higsten Instrumenten in Bozen zu behandeln.","robots":{"index":"index","follow":"follow","max-snippet":"max-snippet:-1","max-image-preview":"max-image-preview:large","max-video-preview":"max-video-preview:-1"},"canonical":"https:\/\/globaldentalcare.it\/de\/pflege-von-karies\/","og_locale":"de_DE","og_type":"article","og_title":"Kariesbehandlung in Bozen - Global Dental Care","og_description":"Kariespr\u00e4vention und -behandlung: Global Dental Care ist in der Lage, Karies mit den innovativsten und leistungsf\u00e4higsten Instrumenten in Bozen zu behandeln.","og_url":"https:\/\/globaldentalcare.it\/de\/pflege-von-karies\/","og_site_name":"Global Dental Care","article_publisher":"https:\/\/www.facebook.com\/grecodentalcare","article_modified_time":"2025-05-05T17:17:55+00:00","twitter_card":"summary_large_image","twitter_title":"Kariesbehandlung in Bozen - Global Dental Care","twitter_description":"Kariespr\u00e4vention und -behandlung: Global Dental Care ist in der Lage, Karies mit den innovativsten und leistungsf\u00e4higsten Instrumenten in Bozen zu behandeln.","twitter_misc":{"Gesch\u00e4tzte Lesezeit":"7\u00a0Minuten"},"schema":{"@context":"https:\/\/schema.org","@graph":[{"@type":"WebPage","@id":"https:\/\/globaldentalcare.it\/de\/pflege-von-karies\/","url":"https:\/\/globaldentalcare.it\/de\/pflege-von-karies\/","name":"Kariesbehandlung in Bozen - Global Dental Care","isPartOf":{"@id":"https:\/\/globaldentalcare.it\/de\/#website"},"datePublished":"2022-06-23T11:11:32+00:00","dateModified":"2025-05-05T17:17:55+00:00","description":"Kariespr\u00e4vention und -behandlung: Global Dental Care ist in der Lage, Karies mit den innovativsten und leistungsf\u00e4higsten Instrumenten in Bozen zu behandeln.","breadcrumb":{"@id":"https:\/\/globaldentalcare.it\/de\/pflege-von-karies\/#breadcrumb"},"inLanguage":"de","potentialAction":[{"@type":"ReadAction","target":["https:\/\/globaldentalcare.it\/de\/pflege-von-karies\/"]}]},{"@type":"BreadcrumbList","@id":"https:\/\/globaldentalcare.it\/de\/pflege-von-karies\/#breadcrumb","itemListElement":[{"@type":"ListItem","position":1,"name":"Home","item":"https:\/\/globaldentalcare.it\/de\/"},{"@type":"ListItem","position":2,"name":"Pflege von Karies"}]},{"@type":"WebSite","@id":"https:\/\/globaldentalcare.it\/de\/#website","url":"https:\/\/globaldentalcare.it\/de\/","name":"Global Dental Care","description":"Global Dental Care","publisher":{"@id":"https:\/\/globaldentalcare.it\/de\/#organization"},"potentialAction":[{"@type":"SearchAction","target":{"@type":"EntryPoint","urlTemplate":"https:\/\/globaldentalcare.it\/de\/?s={search_term_string}"},"query-input":{"@type":"PropertyValueSpecification","valueRequired":true,"valueName":"search_term_string"}}],"inLanguage":"de"},{"@type":"Organization","@id":"https:\/\/globaldentalcare.it\/de\/#organization","name":"Global Dental Care","url":"https:\/\/globaldentalcare.it\/de\/","logo":{"@type":"ImageObject","inLanguage":"de","@id":"https:\/\/globaldentalcare.it\/de\/#\/schema\/logo\/image\/","url":"https:\/\/globaldentalcare.it\/wp-content\/uploads\/2024\/02\/logo-greco-dental-care.jpg","contentUrl":"https:\/\/globaldentalcare.it\/wp-content\/uploads\/2024\/02\/logo-greco-dental-care.jpg","width":696,"height":696,"caption":"Global Dental Care"},"image":{"@id":"https:\/\/globaldentalcare.it\/de\/#\/schema\/logo\/image\/"},"sameAs":["https:\/\/www.facebook.com\/grecodentalcare","https:\/\/www.instagram.com\/greco_dental_care\/"]}]}},"_links":{"self":[{"href":"https:\/\/globaldentalcare.it\/de\/wp-json\/wp\/v2\/pages\/2809","targetHints":{"allow":["GET"]}}],"collection":[{"href":"https:\/\/globaldentalcare.it\/de\/wp-json\/wp\/v2\/pages"}],"about":[{"href":"https:\/\/globaldentalcare.it\/de\/wp-json\/wp\/v2\/types\/page"}],"author":[{"embeddable":true,"href":"https:\/\/globaldentalcare.it\/de\/wp-json\/wp\/v2\/users\/1"}],"replies":[{"embeddable":true,"href":"https:\/\/globaldentalcare.it\/de\/wp-json\/wp\/v2\/comments?post=2809"}],"version-history":[{"count":5,"href":"https:\/\/globaldentalcare.it\/de\/wp-json\/wp\/v2\/pages\/2809\/revisions"}],"predecessor-version":[{"id":3080,"href":"https:\/\/globaldentalcare.it\/de\/wp-json\/wp\/v2\/pages\/2809\/revisions\/3080"}],"wp:attachment":[{"href":"https:\/\/globaldentalcare.it\/de\/wp-json\/wp\/v2\/media?parent=2809"}],"curies":[{"name":"wp","href":"https:\/\/api.w.org\/{rel}","templated":true}]}}