{"id":2725,"date":"2022-01-09T12:06:30","date_gmt":"2022-01-09T12:06:30","guid":{"rendered":"https:\/\/www.greco-dentalcare.it\/datenschutzbestimmungen\/"},"modified":"2025-05-02T10:48:56","modified_gmt":"2025-05-02T10:48:56","slug":"datenschutzbestimmungen","status":"publish","type":"page","link":"https:\/\/globaldentalcare.it\/de\/datenschutzbestimmungen\/","title":{"rendered":"Datenschutzbestimmungen"},"content":{"rendered":"<div class=\"wpb-content-wrapper\"><p>[vc_row][vc_column][vc_column_text]<\/p>\n<div class=\"ars_header\">\n<p>Diese Anwendung sammelt einige pers\u00f6nliche Daten ihrer Nutzer.<\/p><\/div>\n<div class=\"one_line_col\">\n<h2 id=\"owner_of_the_data\">Data Controller<\/h2>\n<p>Global Dental Care, Galleria Stella 13, 39100 Bozen (BZ)<\/p>\n<p><strong>E-Mail Adresse des Inhabers:<\/strong> info@globaldentalcare.it<\/div>\n<div class=\"one_line_col\">\n<h2 id=\"types_of_data\">Arten von gesammelten Daten<\/h2>\n<p>Zu den pers\u00f6nlichen Daten, die von dieser Anwendung unabh\u00e4ngig oder \u00fcber Dritte gesammelt werden, geh\u00f6ren:<br \/>Cookies, Nutzungsdaten, E-Mail, Name.<\/p>\n<p>Ausf\u00fchrliche Informationen zu jeder Art von Daten, die erhoben werden, finden Sie in den entsprechenden Abschnitten dieser Datenschutzrichtlinie oder durch spezielle Informationstexte, die vor der eigentlichen Datenerhebung angezeigt werden.<br \/>Pers\u00f6nliche Daten k\u00f6nnen vom Nutzer freiwillig zur Verf\u00fcgung gestellt oder, im Falle von Nutzerdaten, automatisch w\u00e4hrend der Nutzung dieser Anwendung erhoben werden.<br \/>Sofern nicht anders angegeben, sind alle von dieser Anwendung angeforderten Daten obligatorisch. Wenn der Nutzer sich weigert, diese Daten mitzuteilen, kann es f\u00fcr diese Anwendung unm\u00f6glich sein, den Dienst bereitzustellen. In den F\u00e4llen, in denen diese Anwendung bestimmte Daten als optional bezeichnet, steht es dem Nutzer frei, diese Daten nicht mitzuteilen, ohne dass dies Auswirkungen auf die Verf\u00fcgbarkeit des Dienstes oder seinen Betrieb hat.  <\/p>\n<p>Benutzer, die sich nicht sicher sind, welche Daten obligatorisch sind, werden gebeten, sich an den f\u00fcr die Datenverarbeitung Verantwortlichen zu wenden.<br \/>Die m\u00f6gliche Verwendung von Cookies &#8211; oder anderen Tracking-Tools &#8211; durch diese Anwendung oder durch die Eigent\u00fcmer der von dieser Anwendung genutzten Dienste Dritter dient, sofern nicht anders angegeben, dem Zweck, den vom Benutzer angeforderten Dienst bereitzustellen, zus\u00e4tzlich zu den weiteren in diesem Dokument und in der <a href=\"https:\/\/globaldentalcare.it\/cookie-policy\/\">Cookie-Richtlinie<\/a> beschriebenen Zwecken<\/p>\n<p>Der Nutzer \u00fcbernimmt die Verantwortung f\u00fcr die pers\u00f6nlichen Daten Dritter, die er \u00fcber diese Anwendung erhalten, ver\u00f6ffentlicht oder weitergegeben hat, und garantiert, dass er das Recht hat, diese zu \u00fcbermitteln oder zu verbreiten, und stellt den Eigent\u00fcmer von jeglicher Haftung gegen\u00fcber Dritten frei.<\/p><\/div>\n<div class=\"one_line_col\">\n<h2 id=\"place_of_processing\">Methode und Ort der Verarbeitung der erfassten Daten<\/h2>\n<p>&nbsp;<\/p>\n<h3>Behandlungsmethoden<\/h3>\n<p>Der f\u00fcr die Verarbeitung Verantwortliche ergreift geeignete Sicherheitsma\u00dfnahmen, um den unbefugten Zugriff, die Offenlegung, die \u00c4nderung oder die Zerst\u00f6rung personenbezogener Daten zu verhindern.<br \/>Die Verarbeitung erfolgt mit Hilfe von Computer- und\/oder Telematikinstrumenten, wobei die organisatorischen Methoden und die Logik streng auf die angegebenen Zwecke ausgerichtet sind. Neben dem f\u00fcr die Datenverarbeitung Verantwortlichen k\u00f6nnen in einigen F\u00e4llen auch andere an der Organisation dieser Anwendung beteiligte Personen (Verwaltungs-, Vertriebs-, Marketing-, Rechts- und Systemadministratoren) oder externe Personen (wie z.B. dritte technische Dienstleister, Postkuriere, Hosting-Anbieter, IT-Unternehmen, Kommunikationsagenturen), die gegebenenfalls vom f\u00fcr die Datenverarbeitung Verantwortlichen als Datenverarbeiter benannt wurden, Zugang zu den Daten haben. Die aktualisierte Liste der Datenverarbeiter kann jederzeit beim Data Controller angefordert werden.  <\/p>\n<h3>Modalit\u00e4ten des Datenschutzes<\/h3>\n<p>Die Website www.globaldentalcare.it verwendet ein HTTPS-Protokoll mit SSL-Zertifikaten, so dass gesendete Informationen wie Passw\u00f6rter, Nachrichten usw. in verschl\u00fcsselter Form und nicht im Klartext gesendet werden.<\/p>\n<h3>Verfahren gegen Datenschutzverletzungen<\/h3>\n<p>Zum Schutz der Daten verwendet diese Website das WordFence-Plugin, das auch Schutz vor Malware, Spam, .htaccess-Umleitungen, Brute-Force-Angriffen usw. bietet.<\/p>\n<h3>Rechtsgrundlage f\u00fcr die Verarbeitung<\/h3>\n<p>Der f\u00fcr die Verarbeitung Verantwortliche verarbeitet personenbezogene Daten des Benutzers, wenn eine der folgenden Bedingungen erf\u00fcllt ist:<\/p>\n<ul>\n<li>der Nutzer hat seine Einwilligung f\u00fcr einen oder mehrere bestimmte Zwecke gegeben; Hinweis: In einigen Rechtsordnungen kann es dem f\u00fcr die Verarbeitung Verantwortlichen gestattet sein, personenbezogene Daten ohne die Einwilligung des Nutzers oder eine der anderen unten genannten Rechtsgrundlagen zu verarbeiten, bis der Nutzer dieser Verarbeitung widerspricht (&#8220;opts-out&#8221;). Dies gilt jedoch nicht, wenn die Verarbeitung personenbezogener Daten durch europ\u00e4ische Rechtsvorschriften zum Schutz personenbezogener Daten geregelt ist; <\/li>\n<li>die Verarbeitung ist f\u00fcr die Erf\u00fcllung eines Vertrags mit dem Nutzer und\/oder die Durchf\u00fchrung vorvertraglicher Ma\u00dfnahmen erforderlich;<\/li>\n<li>die Verarbeitung ist erforderlich, um einer rechtlichen Verpflichtung nachzukommen, der der f\u00fcr die Verarbeitung Verantwortliche unterliegt;<\/li>\n<li>die Verarbeitung ist f\u00fcr die Wahrnehmung einer Aufgabe erforderlich, die im \u00f6ffentlichen Interesse liegt oder in Aus\u00fcbung \u00f6ffentlicher Gewalt erfolgt, die dem f\u00fcr die Verarbeitung Verantwortlichen \u00fcbertragen wurde;<\/li>\n<li>die Verarbeitung ist f\u00fcr die Verfolgung des berechtigten Interesses des f\u00fcr die Verarbeitung Verantwortlichen oder eines Dritten erforderlich.<\/li>\n<\/ul>\n<p>Es ist jedoch immer m\u00f6glich, den f\u00fcr die Verarbeitung Verantwortlichen zu bitten, die konkrete Rechtsgrundlage jeder Verarbeitung zu erl\u00e4utern und insbesondere anzugeben, ob die Verarbeitung auf einem Gesetz beruht, durch einen Vertrag vorgeschrieben oder f\u00fcr den Abschluss eines Vertrags erforderlich ist.<\/p>\n<p>&nbsp;<\/p>\n<h3>Ort<\/h3>\n<p>Die Daten werden in den R\u00e4umlichkeiten des Datenverantwortlichen und an jedem anderen Ort, an dem sich die an der Verarbeitung beteiligten Parteien befinden, verarbeitet. F\u00fcr weitere Informationen wenden Sie sich bitte an den Datenverantwortlichen.<br \/>Die personenbezogenen Daten des Nutzers k\u00f6nnen in ein anderes Land als das Land, in dem der Nutzer ans\u00e4ssig ist, \u00fcbermittelt werden. Weitere Informationen \u00fcber den Ort der Verarbeitung findet der Nutzer im Abschnitt \u00fcber die Einzelheiten der Verarbeitung personenbezogener Daten.  <\/p>\n<p>Der Nutzer hat das Recht, Informationen \u00fcber die Rechtsgrundlage f\u00fcr die \u00dcbermittlung von Daten au\u00dferhalb der Europ\u00e4ischen Union oder an eine internationale Organisation, die dem V\u00f6lkerrecht unterliegt oder aus zwei oder mehr L\u00e4ndern besteht, wie z.B. die UNO, sowie \u00fcber die Sicherheitsma\u00dfnahmen, die der f\u00fcr die Datenverarbeitung Verantwortliche zum Schutz der Daten ergriffen hat, zu erhalten.<\/p>\n<p>Sollte eine der soeben beschriebenen \u00dcbertragungen stattfinden, kann der Nutzer auf die entsprechenden Abschnitte dieses Dokuments verweisen oder den f\u00fcr die Verarbeitung Verantwortlichen um Informationen bitten, indem er ihn unter den eingangs angegebenen Kontaktdaten kontaktiert.<\/p>\n<p>&nbsp;<\/p>\n<h3>Dauer der Lagerung<\/h3>\n<p>Die Daten werden f\u00fcr den Zeitraum verarbeitet und gespeichert, der f\u00fcr die Zwecke, f\u00fcr die sie erhoben wurden, erforderlich ist.<\/p>\n<p>Deshalb:<\/p>\n<ul>\n<li>Personenbezogene Daten, die im Zusammenhang mit der Erf\u00fcllung eines Vertrags zwischen dem f\u00fcr die Verarbeitung Verantwortlichen und dem Nutzer erhoben wurden, werden bis zur Erf\u00fcllung dieses Vertrags gespeichert.<\/li>\n<li>Personenbezogene Daten, die f\u00fcr Zwecke im Zusammenhang mit dem berechtigten Interesse des f\u00fcr die Verarbeitung Verantwortlichen erhoben wurden, werden so lange gespeichert, bis dieses Interesse erf\u00fcllt ist. Der Nutzer kann weitere Informationen \u00fcber das berechtigte Interesse des f\u00fcr die Verarbeitung Verantwortlichen in den entsprechenden Abschnitten dieses Dokuments oder durch Kontaktaufnahme mit dem f\u00fcr die Verarbeitung Verantwortlichen erhalten. <\/li>\n<\/ul>\n<p>Wenn die Verarbeitung auf der Zustimmung des Nutzers beruht, kann der f\u00fcr die Verarbeitung Verantwortliche die personenbezogenen Daten f\u00fcr einen l\u00e4ngeren Zeitraum aufbewahren, bis die Zustimmung widerrufen wird. Dar\u00fcber hinaus kann der f\u00fcr die Verarbeitung Verantwortliche aufgrund einer gesetzlichen Verpflichtung oder einer beh\u00f6rdlichen Anordnung verpflichtet sein, die personenbezogenen Daten f\u00fcr einen l\u00e4ngeren Zeitraum zu speichern. <\/p>\n<p>Nach Ablauf der Aufbewahrungsfrist werden die personenbezogenen Daten gel\u00f6scht. Daher k\u00f6nnen nach Ablauf dieser Frist das Recht auf Zugang, L\u00f6schung, Berichtigung und das Recht auf Daten\u00fcbertragbarkeit nicht mehr ausge\u00fcbt werden. <\/p><\/div>\n<div class=\"one_line_col\">\n<h2 id=\"use_collected_data\">Zwecke der Datenverarbeitung<\/h2>\n<p>Die Benutzerdaten werden gesammelt, damit der Datenverantwortliche seine Dienste anbieten kann, sowie f\u00fcr folgende Zwecke:<br \/>Statistiken, Interaktion mit sozialen Netzwerken und externen Plattformen, Kontaktaufnahme mit dem Benutzer.<\/p>\n<p>Um weitere detaillierte Informationen \u00fcber die Zwecke der Verarbeitung und die f\u00fcr jeden Zweck konkret relevanten personenbezogenen Daten zu erhalten, kann der Nutzer die entsprechenden Abschnitte dieses Dokuments einsehen.<\/p><\/div>\n<div class=\"one_line_col\">\n<h2 id=\"data_processing_detailed_info\">Details zur Verarbeitung pers\u00f6nlicher Daten<\/h2>\n<p>Personenbezogene Daten werden f\u00fcr die folgenden Zwecke und unter Nutzung der folgenden Dienste erhoben:<\/p><\/div>\n<p>[\/vc_column_text][\/vc_column][\/vc_row][vc_row][vc_column][vc_tta_accordion active_section=&#8221;0&#8243; collapsible_all=&#8221;true&#8221;][vc_tta_section i_icon_fontawesome=&#8221;fa fa-bar-chart&#8221; add_icon=&#8221;true&#8221; title=&#8221;Statistik&#8221; tab_id=&#8221;1529084851831-5059e28e-a588&#8243;][vc_column_text]Die in diesem Abschnitt enthaltenen Dienste erm\u00f6glichen dem Datenverantwortlichen die \u00dcberwachung und Analyse von Verkehrsdaten und dienen dazu, das Verhalten des Nutzers zu verfolgen.<\/p>\n<h4>Google Analytics (Google Inc.)<\/h4>\n<div class=\"wrap\">\n<p>Google Analytics ist ein Webanalysedienst, der von Google Inc. (&#8220;Google&#8221;) bereitgestellt wird. Google verwendet die erfassten pers\u00f6nlichen Daten, um die Nutzung dieser Anwendung zu verfolgen und zu analysieren, Berichte zu erstellen und sie mit anderen von Google entwickelten Diensten zu teilen.<br \/>Google kann die pers\u00f6nlichen Daten verwenden, um die Anzeigen seines Werbenetzwerks zu kontextualisieren und zu personalisieren.  <\/div>\n<p>Erfasste pers\u00f6nliche Daten: Cookies und Nutzungsdaten.<\/p>\n<p>Ort der Verarbeitung: USA &#8211; <a href=\"https:\/\/www.google.com\/intl\/it\/policies\/privacy\/\" target=\"_blank\" rel=\"noopener noreferrer\">Datenschutzerkl\u00e4rung<\/a> &#8211; <a href=\"https:\/\/tools.google.com\/dlpage\/gaoptout?hl=it\" target=\"_blank\" rel=\"noopener\">Opt-out.<\/a>[\/vc_column_text][\/vc_tta_section][\/vc_tta_accordion][\/vc_column][\/vc_row][vc_row][vc_column][vc_column_text]<\/p>\n<h3 class=\"expand_click w_icon_24 policyicon_purpose_46592\">Interaktion mit sozialen Netzwerken und externen Plattformen<\/h3>\n<div class=\"expand_content\">\n<p>Diese Arten von Diensten erm\u00f6glichen die Interaktion mit sozialen Netzwerken oder anderen externen Plattformen direkt von den Seiten dieser Anwendung aus.<br \/>Die Interaktionen und Informationen, die von dieser Anwendung erfasst werden, unterliegen in jedem Fall den Datenschutzeinstellungen des Nutzers in Bezug auf das jeweilige soziale Netzwerk.<br \/>Wenn ein Interaktionsdienst f\u00fcr soziale Netzwerke installiert ist, ist es m\u00f6glich, dass dieser Dienst, auch wenn der Nutzer ihn nicht nutzt, Verkehrsdaten in Bezug auf die Seiten erfasst, auf denen er installiert ist.<\/div>\n<p>[\/vc_column_text][\/vc_column][\/vc_row][vc_row][vc_column width=&#8221;1\/2&#8243;][vc_tta_accordion active_section=&#8221;0&#8243; collapsible_all=&#8221;true&#8221;][vc_tta_section i_icon_fontawesome=&#8221;fa fa-facebook-square&#8221; add_icon=&#8221;true&#8221; title=&#8221;Facebook Like-Schaltfl\u00e4che und soziale Widgets (Facebook, Inc.)&#8221; tab_id=&#8221;1529084935550-76c8b31e-399b&#8221;][vc_column_text]<\/p>\n<div class=\"wrap\">\n<p>Die Facebook-Schaltfl\u00e4che &#8220;Gef\u00e4llt mir&#8221; und die sozialen Widgets sind Interaktionsdienste mit dem sozialen Netzwerk Facebook, die von der Facebook, Inc.<\/p><\/div>\n<p>Erfasste pers\u00f6nliche Daten: Cookies und Nutzungsdaten.<\/p>\n<p>Ort der Verarbeitung: USA &#8211; <a href=\"https:\/\/www.facebook.com\/privacy\/explanation\" target=\"_blank\" rel=\"noopener noreferrer\">Datenschutzbestimmungen<\/a>.[\/vc_column_text][\/vc_tta_section][vc_tta_section i_icon_fontawesome=&#8221;fa fa-whatsapp&#8221; add_icon=&#8221;true&#8221; title=&#8221;Soziale Schaltfl\u00e4che und Widgets von Whatsapp (Facebook Inc.)&#8221; tab_id=&#8221;1529085050865-dcd9dcd8-480e&#8221;][vc_column_text]<\/p>\n<div class=\"wrap\">\n<p>Der Whatsapp Social Button und die Widgets sind Interaktionsdienste mit dem sozialen Netzwerk Whatsapp, das von der Facebook Inc.<\/p><\/div>\n<p>Erfasste pers\u00f6nliche Daten: Cookies und Nutzungsdaten.<\/p>\n<p>Ort der Verarbeitung: USA- <a href=\"https:\/\/www.whatsapp.com\/legal\/#privacy-policy\" target=\"_blank\" rel=\"noopener noreferrer\">Datenschutzrichtlinie<\/a>[\/vc_column_text][\/vc_tta_section][vc_tta_section i_icon_fontawesome=&#8221;fa fa-youtube&#8221; add_icon=&#8221;true&#8221; title=&#8221;Youtube-Schaltfl\u00e4che und Youtube Social Widgets (Youtube, Inc.)&#8221; tab_id=&#8221;1529085110708-500c4592-bf74&#8243;][vc_column_text]<\/p>\n<div class=\"wrap\">\n<p>Die Youtube-Schaltfl\u00e4che und die Youtube Social Widgets sind Dienste zur Interaktion mit dem sozialen Netzwerk Youtube, die von Youtube, Inc. bereitgestellt werden.<\/p><\/div>\n<p>Erfasste pers\u00f6nliche Daten: Cookies und Nutzungsdaten.<\/p>\n<p>Ort der Verarbeitung: USA- <a href=\"https:\/\/www.youtube.com\/static?template=privacy_guidelines\" target=\"_blank\" rel=\"noopener noreferrer\">Datenschutzrichtlinie<\/a>[\/vc_column_text][\/vc_tta_section][\/vc_tta_accordion][\/vc_column][vc_column width=&#8221;1\/2&#8243;][vc_tta_accordion active_section=&#8221;0&#8243; collapsible_all=&#8221;true&#8221;][vc_tta_section i_icon_fontawesome=&#8221;fa fa-map-marker&#8221; add_icon=&#8221;true&#8221; title=&#8221;Google Maps (Google, Inc.)&#8221; tab_id=&#8221;1529085234544-a220207b-fe80&#8243;][vc_column_text]<\/p>\n<div class=\"wrap\">\n<p>Google Maps ist ein Interaktionsdienst mit Google Maps, bereitgestellt von Google , Inc.<\/p><\/div>\n<p>Erfasste pers\u00f6nliche Daten: Cookies und Nutzungsdaten.<\/p>\n<p>Ort der Verarbeitung: USA- <a href=\"http:\/\/www.google.com\/policies\/privacy\/\" target=\"_blank\" rel=\"noopener noreferrer\">Datenschutzrichtlinie<\/a>[\/vc_column_text][\/vc_tta_section][vc_tta_section i_icon_fontawesome=&#8221;fa fa-twitter&#8221; add_icon=&#8221;true&#8221; title=&#8221;Twitter Tweet-Schaltfl\u00e4che und soziale Widgets (Twitter)&#8221; tab_id=&#8221;1529085234567-5b3a2617-97a6&#8243;][vc_column_text]<\/p>\n<div class=\"wrap\">\n<p>Der Tweet-Button und die Twitter Social Widgets sind Dienste f\u00fcr die Interaktion mit dem sozialen Netzwerk Twitter, die von Twitter Inc. bereitgestellt werden.<\/p><\/div>\n<p>Erfasste pers\u00f6nliche Daten: Cookies und Nutzungsdaten.<\/p>\n<p>Ort der Verarbeitung: USA &#8211; <a href=\"https:\/\/twitter.com\/privacy\" target=\"_blank\" rel=\"noopener noreferrer\">Datenschutzbestimmungen<\/a>.[\/vc_column_text][\/vc_tta_section][vc_tta_section i_icon_fontawesome=&#8221;fa fa-linkedin&#8221; add_icon=&#8221;true&#8221; title=&#8221;Soziale Schaltfl\u00e4che und Widgets von Linkedin (LinkedIn Corporation)&#8221; tab_id=&#8221;1529085326842-cc150eae-3f42&#8243;][vc_column_text]<\/p>\n<div class=\"wrap\">\n<p>Die LinkedIn-Schaltfl\u00e4che und die Widgets sind Dienste zur Interaktion mit dem sozialen Netzwerk Linkedin, die von der LinkedIn Corporation bereitgestellt werden.<\/p><\/div>\n<p>Erfasste pers\u00f6nliche Daten: Cookies und Nutzungsdaten.<\/p>\n<p>Ort der Verarbeitung: USA- <a href=\"https:\/\/www.linkedin.com\/legal\/privacy-policy\" target=\"_blank\" rel=\"noopener noreferrer\">Datenschutzrichtlinie<\/a>[\/vc_column_text][\/vc_tta_section][\/vc_tta_accordion][\/vc_column][\/vc_row][vc_row][vc_column][vc_tta_accordion active_section=&#8221;0&#8243; collapsible_all=&#8221;true&#8221;][vc_tta_section i_icon_fontawesome=&#8221;fa fa-user&#8221; add_icon=&#8221;true&#8221; title=&#8221;Weitere Informationen zu pers\u00f6nlichen Daten&#8221; tab_id=&#8221;1529086808985-c77e6552-b033&#8243;][vc_column_text]<\/p>\n<h3 class=\"expand_click w_icon_24 icon_general\">Weitere M\u00f6glichkeiten der Verwendung pers\u00f6nlicher Daten<\/h3>\n<div class=\"expand_content\">\n<p>Personenbezogene Daten, die \u00fcber diese Anwendung erhoben werden, k\u00f6nnen von dem f\u00fcr die Datenverarbeitung Verantwortlichen und dem f\u00fcr die Datenverarbeitung Verantwortlichen verwendet werden, um Mitteilungen mit Informationen, auch kommerzieller und werblicher Art, \u00fcber andere Anwendungen zu versenden, f\u00fcr die sie der f\u00fcr die Datenverarbeitung Verantwortliche oder der f\u00fcr die Datenverarbeitung Verantwortliche sind.<\/p><\/div>\n<p>[\/vc_column_text][\/vc_tta_section][\/vc_tta_accordion][vc_separator][vc_column_text]<\/p>\n<div class=\"one_line_col\">\n<h2>Benutzerrechte<\/h2>\n<p>Die Benutzer k\u00f6nnen bestimmte Rechte in Bezug auf die vom Data Controller verarbeiteten Daten aus\u00fcben.<\/p>\n<p>Der Nutzer hat insbesondere das Recht auf:<\/p>\n<ul>\n<li><b>die Zustimmung jederzeit widerrufen.<\/b>  Der Nutzer kann seine zuvor erteilte Zustimmung zur Verarbeitung seiner pers\u00f6nlichen Daten widerrufen.<\/li>\n<li><b>der Verarbeitung ihrer Daten widersprechen.<\/b>  Sie k\u00f6nnen der Verarbeitung Ihrer Daten widersprechen, wenn diese auf einer anderen Rechtsgrundlage als der Ihrer Zustimmung erfolgt. Weitere Einzelheiten zum Widerspruchsrecht finden Sie im untenstehenden Abschnitt. <\/li>\n<li><b>Zugang zu ihren Daten.<\/b>  Der Nutzer hat das Recht, Informationen \u00fcber die von dem f\u00fcr die Verarbeitung Verantwortlichen verarbeiteten Daten sowie \u00fcber bestimmte Aspekte der Verarbeitung zu erhalten und eine Kopie der verarbeiteten Daten zu bekommen.<\/li>\n<li><b>\u00fcberpr\u00fcfen und um Berichtigung bitten.<\/b>  Der Nutzer kann die Richtigkeit seiner Daten \u00fcberpr\u00fcfen und deren Aktualisierung oder Korrektur verlangen.<\/li>\n<li><b>eine Einschr\u00e4nkung der Verarbeitung zu erwirken.<\/b>  Wenn bestimmte Bedingungen erf\u00fcllt sind, kann der Nutzer die Einschr\u00e4nkung der Verarbeitung seiner Daten verlangen. In diesem Fall wird der f\u00fcr die Datenverarbeitung Verantwortliche die Daten zu keinem anderen Zweck als ihrer Speicherung verarbeiten. <\/li>\n<li><b>die L\u00f6schung oder Entfernung ihrer pers\u00f6nlichen Daten zu erwirken.<\/b>  Wenn bestimmte Bedingungen erf\u00fcllt sind, kann der Nutzer die L\u00f6schung seiner Daten durch den Controller beantragen.<\/li>\n<li><b>ihre Daten zu erhalten oder sie an einen anderen Datenverantwortlichen zu \u00fcbermitteln.<\/b>  Der Nutzer hat das Recht, seine Daten in einem strukturierten, allgemein gebr\u00e4uchlichen und maschinenlesbaren Format zu erhalten und sie, soweit technisch m\u00f6glich, ungehindert an einen anderen f\u00fcr die Datenverarbeitung Verantwortlichen zu \u00fcbermitteln. Diese Bestimmung ist anwendbar, wenn die Daten mit automatisierten Mitteln verarbeitet werden und die Verarbeitung auf der Zustimmung des Nutzers, auf einem Vertrag, an dem der Nutzer beteiligt ist, oder auf damit verbundenen vertraglichen Ma\u00dfnahmen beruht. <\/li>\n<li><b>eine Beschwerde einreichen.<\/b>  Der Nutzer kann eine Beschwerde bei der zust\u00e4ndigen Datenschutzaufsichtsbeh\u00f6rde einreichen oder rechtliche Schritte einleiten.<\/li>\n<\/ul>\n<h3>Details zum Widerspruchsrecht<\/h3>\n<p>Werden personenbezogene Daten im \u00f6ffentlichen Interesse, in Aus\u00fcbung \u00f6ffentlicher Gewalt, die dem f\u00fcr die Verarbeitung Verantwortlichen \u00fcbertragen wurde, oder in Verfolgung eines berechtigten Interesses des f\u00fcr die Verarbeitung Verantwortlichen verarbeitet, haben die Nutzer das Recht, aus Gr\u00fcnden, die sich auf ihre besondere Situation beziehen, Widerspruch gegen die Verarbeitung einzulegen.<\/p>\n<p>Die Nutzer werden dar\u00fcber informiert, dass sie im Falle der Verarbeitung ihrer Daten zu Zwecken des Direktmarketings dieser Verarbeitung ohne Angabe von Gr\u00fcnden widersprechen k\u00f6nnen. Um herauszufinden, ob der f\u00fcr die Verarbeitung Verantwortliche Daten f\u00fcr Zwecke des Direktmarketings verarbeitet, k\u00f6nnen die Nutzer die entsprechenden Abschnitte dieses Dokuments einsehen. <\/p>\n<h3>Wie Sie Ihre Rechte aus\u00fcben<\/h3>\n<p>Um ihre Rechte auszu\u00fcben, k\u00f6nnen die Nutzer eine Anfrage an die in diesem Dokument angegebenen Kontaktdaten des f\u00fcr die Verarbeitung Verantwortlichen richten. Die Antr\u00e4ge werden kostenlos gestellt und vom f\u00fcr die Verarbeitung Verantwortlichen so schnell wie m\u00f6glich, in jedem Fall aber innerhalb eines Monats, bearbeitet. <\/p><\/div>\n<div class=\"one_line_col\">\n<h2 id=\"cookie_policy\">Cookie-Richtlinie<\/h2>\n<p>Diese Anwendung macht von Cookies Gebrauch. Um mehr dar\u00fcber zu erfahren und detaillierte Informationen zu erhalten, kann der Nutzer die <a class=\"show_comp_link iframe-preserve an-preserve\" title=\"Cookie-Richtlinie\" href=\"https:\/\/globaldentalcare.it\/cookie-policy\/\">Cookie-Richtlinie<\/a> einsehen. <\/div>\n<div class=\"one_line_col\">\n<h2 id=\"further_data_processing_info\">Weitere Informationen zur Behandlung<\/h2>\n<h3>Verteidigung vor Gericht<\/h3>\n<p>Die pers\u00f6nlichen Daten des Nutzers k\u00f6nnen vom Datenverantwortlichen in Gerichtsverfahren oder in der Vorbereitungsphase zu deren m\u00f6glicher Einleitung verwendet werden, um Missbrauch bei der Nutzung dieser Anwendung oder damit verbundener Dienste durch den Nutzer abzuwehren.<br \/>Der Nutzer erkl\u00e4rt, dass ihm bekannt ist, dass der Datenverantwortliche auf Anordnung von Beh\u00f6rden zur Offenlegung der Daten verpflichtet sein kann.<\/p>\n<h3>Besondere Informationen<\/h3>\n<p>Auf Anfrage des Nutzers kann diese Anwendung dem Nutzer zus\u00e4tzlich zu den in dieser Datenschutzrichtlinie enthaltenen Informationen weitere und kontextbezogene Informationen zu bestimmten Diensten oder zur Erhebung und Verarbeitung personenbezogener Daten zur Verf\u00fcgung stellen.<\/p>\n<h3>Systemprotokolle und Wartung<\/h3>\n<p>Zu Betriebs- und Wartungszwecken k\u00f6nnen diese Anwendung und die von ihr genutzten Dienste Dritter Systemprotokolle sammeln, d.h. Dateien, die Interaktionen aufzeichnen und die auch personenbezogene Daten wie die IP-Adresse des Nutzers enthalten k\u00f6nnen.<\/p>\n<h3>Informationen, die nicht in dieser Richtlinie enthalten sind<\/h3>\n<p>Weitere Informationen im Zusammenhang mit der Verarbeitung personenbezogener Daten k\u00f6nnen Sie jederzeit bei dem f\u00fcr die Datenverarbeitung Verantwortlichen unter den angegebenen Kontaktdaten anfordern.<\/p>\n<h3>Reagieren auf &#8216;Do Not Track&#8217;-Anfragen<\/h3>\n<p>Diese Anwendung unterst\u00fctzt keine &#8216;Do Not Track&#8217;-Anfragen.<br \/>Um herauszufinden, ob die verwendeten Dienste Dritter diese unterst\u00fctzen, wird der Nutzer gebeten, die jeweiligen Datenschutzrichtlinien zu konsultieren.<\/p>\n<h3>\u00c4nderungen an dieser Datenschutzrichtlinie<\/h3>\n<p>Der f\u00fcr die Verarbeitung Verantwortliche beh\u00e4lt sich das Recht vor, jederzeit \u00c4nderungen an dieser Datenschutzerkl\u00e4rung vorzunehmen, indem er die Nutzer auf dieser Seite und, wenn m\u00f6glich, in dieser Anwendung informiert sowie, falls technisch und rechtlich m\u00f6glich, eine Benachrichtigung an die Nutzer \u00fcber eine der Kontaktdaten des f\u00fcr die Verarbeitung Verantwortlichen schickt. Bitte konsultieren Sie diese Seite daher regelm\u00e4\u00dfig und beachten Sie dabei das unten angegebene Datum der letzten \u00c4nderung. <\/p>\n<p>Wenn die \u00c4nderungen die Verarbeitung betreffen, deren Rechtsgrundlage die Einwilligung ist, wird der f\u00fcr die Verarbeitung Verantwortliche die Einwilligung des Nutzers erneut einholen, falls erforderlich.<\/p><\/div>\n<p>[\/vc_column_text][\/vc_column][\/vc_row][vc_row][vc_column][vc_tta_accordion active_section=&#8221;0&#8243; collapsible_all=&#8221;true&#8221;][vc_tta_section i_icon_fontawesome=&#8221;fa fa-gavel&#8221; add_icon=&#8221;true&#8221; title=&#8221;Definitionen und rechtliche Hinweise&#8221; tab_id=&#8221;1529087058757-ec0ba478-00c0&#8243;][vc_column_text]<\/p>\n<h4>Pers\u00f6nliche Daten (oder Daten)<\/h4>\n<p>Personenbezogene Daten sind alle Informationen, die direkt oder indirekt, auch in Verbindung mit anderen Informationen, einschlie\u00dflich einer pers\u00f6nlichen Identifikationsnummer, eine nat\u00fcrliche Person identifizierbar oder identifizierbar machen.<\/p>\n<h4>Verwendungsdaten<\/h4>\n<p>Dabei handelt es sich um die Informationen, die automatisch \u00fcber diese Anwendung (einschlie\u00dflich der in diese Anwendung integrierten Anwendungen von Drittanbietern) erfasst werden, einschlie\u00dflich: IP-Adressen oder Domain-Namen der Computer, die vom Benutzer verwendet werden, der sich mit dieser Anwendung verbindet, URI (Uniform Resource Identifier)-Notationsadressen, die Uhrzeit der Anfrage, die zur Weiterleitung der Anfrage an den Server verwendete Methode, die Gr\u00f6\u00dfe der als Antwort erhaltenen Datei, der Zahlencode, der den Status der Serverantwort angibt (erfolgreich, Fehler usw.), das Herkunftsland, die Merkmale des vom Besucher verwendeten Browsers und Betriebssystems, die verschiedenen zeitlichen Konnotationen des Besuchs (z.B. die auf jeder Seite verbrachte Zeit) und Einzelheiten der vom Benutzer verfolgten Reiseroute.) das Herkunftsland, die Merkmale des vom Besucher verwendeten Browsers und des Betriebssystems, die verschiedenen zeitlichen Aspekte des Besuchs (z.B. die auf jeder Seite verbrachte Zeit) und die Einzelheiten der Reiseroute innerhalb der Anwendung, insbesondere die Reihenfolge der aufgerufenen Seiten, die Parameter des Betriebssystems und die IT-Umgebung des Benutzers.<\/p>\n<h4>Benutzer<\/h4>\n<p>Die Person, die diese Anwendung nutzt und die, sofern nicht anders angegeben, die betroffene Person ist.<\/p>\n<h4>Interessiert<\/h4>\n<p>Die nat\u00fcrliche Person, auf die sich die pers\u00f6nlichen Daten beziehen.<\/p>\n<h4>Bearbeiter (oder Manager)<\/h4>\n<p>Die nat\u00fcrliche Person, die juristische Person, die \u00f6ffentliche Verwaltung und jede andere Stelle, die personenbezogene Daten im Auftrag des f\u00fcr die Verarbeitung Verantwortlichen verarbeitet, wie in dieser Datenschutzrichtlinie dargelegt.<\/p>\n<h4>Data Controller (oder Eigent\u00fcmer)<\/h4>\n<p>Die nat\u00fcrliche oder juristische Person, Beh\u00f6rde, Dienststelle oder sonstige Einrichtung, die allein oder gemeinsam mit anderen \u00fcber die Zwecke und Mittel der Verarbeitung personenbezogener Daten sowie \u00fcber die eingesetzten Instrumente, einschlie\u00dflich der Sicherheitsma\u00dfnahmen im Zusammenhang mit dem Betrieb und der Nutzung dieser Anwendung, entscheidet. Der Datenverantwortliche ist, sofern nicht anders angegeben, der Eigent\u00fcmer dieser Anwendung. <\/p>\n<h4>Diese Anwendung<\/h4>\n<p>Das Hardware- oder Softwaretool, mit dem die pers\u00f6nlichen Daten der Benutzer gesammelt und verarbeitet werden.<\/p>\n<h4>Service<\/h4>\n<p>Der von dieser Anwendung bereitgestellte Dienst, wie in den entsprechenden Bedingungen (falls vorhanden) auf dieser Website\/Anwendung definiert.<\/p>\n<h4>Europ\u00e4ische Union (oder EU)<\/h4>\n<p>Sofern nicht anders angegeben, gilt jede Bezugnahme auf die Europ\u00e4ische Union in diesem Dokument als Bezugnahme auf alle derzeitigen Mitgliedstaaten der Europ\u00e4ischen Union und des Europ\u00e4ischen Wirtschaftsraums.<\/p>\n<h4>Cookies<\/h4>\n<p>Ein kleiner Teil der Daten, die auf dem Ger\u00e4t des Benutzers gespeichert sind.<\/p>\n<hr>\n<h4>Rechtliche Hinweise<\/h4>\n<p>Diese Datenschutzrichtlinie wurde auf der Grundlage mehrerer gesetzlicher Bestimmungen erstellt, darunter Artikel 13 und 14 der Verordnung (EU) 2016\/679.<\/p>\n<p>Sofern nicht anders angegeben, bezieht sich diese Datenschutzrichtlinie ausschlie\u00dflich auf diese Anwendung.[\/vc_column_text][\/vc_tta_section][\/vc_tta_accordion][\/vc_column][\/vc_row][vc_row][vc_column][vc_column_text]<span style=\"font-size: 12px;\">Letzte \u00c4nderung: 3. Juli 2022<\/span>[\/vc_column_text][\/vc_column][\/vc_row]<\/p>\n<\/div>","protected":false},"excerpt":{"rendered":"<p>[vc_row][vc_column][vc_column_text] Diese Anwendung sammelt einige pers\u00f6nliche Daten ihrer Nutzer. Data Controller Global Dental Care, Galleria Stella 13, 39100 Bozen (BZ) E-Mail Adresse des Inhabers: info@globaldentalcare.it Arten von gesammelten Daten Zu den pers\u00f6nlichen Daten, die von dieser Anwendung unabh\u00e4ngig oder \u00fcber Dritte gesammelt werden, geh\u00f6ren:Cookies, Nutzungsdaten, E-Mail, Name. Ausf\u00fchrliche Informationen zu jeder Art von Daten, die [&hellip;]<\/p>\n","protected":false},"author":1,"featured_media":0,"parent":0,"menu_order":0,"comment_status":"closed","ping_status":"open","template":"","meta":{"footnotes":""},"class_list":["post-2725","page","type-page","status-publish","hentry"],"yoast_head":"<!-- This site is optimized with the Yoast SEO plugin v26.5 - https:\/\/yoast.com\/wordpress\/plugins\/seo\/ -->\n<title>Datenschutzbestimmungen - Global Dental Care<\/title>\n<meta name=\"robots\" content=\"index, follow, max-snippet:-1, max-image-preview:large, max-video-preview:-1\" \/>\n<link rel=\"canonical\" href=\"https:\/\/globaldentalcare.it\/de\/datenschutzbestimmungen\/\" \/>\n<meta property=\"og:locale\" content=\"de_DE\" \/>\n<meta property=\"og:type\" content=\"article\" \/>\n<meta property=\"og:title\" content=\"Datenschutzbestimmungen - Global Dental Care\" \/>\n<meta property=\"og:description\" content=\"[vc_row][vc_column][vc_column_text] Diese Anwendung sammelt einige pers\u00f6nliche Daten ihrer Nutzer. Data Controller Global Dental Care, Galleria Stella 13, 39100 Bozen (BZ) E-Mail Adresse des Inhabers: info@globaldentalcare.it Arten von gesammelten Daten Zu den pers\u00f6nlichen Daten, die von dieser Anwendung unabh\u00e4ngig oder \u00fcber Dritte gesammelt werden, geh\u00f6ren:Cookies, Nutzungsdaten, E-Mail, Name. Ausf\u00fchrliche Informationen zu jeder Art von Daten, die [&hellip;]\" \/>\n<meta property=\"og:url\" content=\"https:\/\/globaldentalcare.it\/de\/datenschutzbestimmungen\/\" \/>\n<meta property=\"og:site_name\" content=\"Global Dental Care\" \/>\n<meta property=\"article:publisher\" content=\"https:\/\/www.facebook.com\/grecodentalcare\" \/>\n<meta property=\"article:modified_time\" content=\"2025-05-02T10:48:56+00:00\" \/>\n<meta name=\"twitter:card\" content=\"summary_large_image\" \/>\n<meta name=\"twitter:label1\" content=\"Gesch\u00e4tzte Lesezeit\" \/>\n\t<meta name=\"twitter:data1\" content=\"17\u00a0Minuten\" \/>\n<script type=\"application\/ld+json\" class=\"yoast-schema-graph\">{\"@context\":\"https:\/\/schema.org\",\"@graph\":[{\"@type\":\"WebPage\",\"@id\":\"https:\/\/globaldentalcare.it\/de\/datenschutzbestimmungen\/\",\"url\":\"https:\/\/globaldentalcare.it\/de\/datenschutzbestimmungen\/\",\"name\":\"Datenschutzbestimmungen - Global Dental Care\",\"isPartOf\":{\"@id\":\"https:\/\/globaldentalcare.it\/de\/#website\"},\"datePublished\":\"2022-01-09T12:06:30+00:00\",\"dateModified\":\"2025-05-02T10:48:56+00:00\",\"breadcrumb\":{\"@id\":\"https:\/\/globaldentalcare.it\/de\/datenschutzbestimmungen\/#breadcrumb\"},\"inLanguage\":\"de\",\"potentialAction\":[{\"@type\":\"ReadAction\",\"target\":[\"https:\/\/globaldentalcare.it\/de\/datenschutzbestimmungen\/\"]}]},{\"@type\":\"BreadcrumbList\",\"@id\":\"https:\/\/globaldentalcare.it\/de\/datenschutzbestimmungen\/#breadcrumb\",\"itemListElement\":[{\"@type\":\"ListItem\",\"position\":1,\"name\":\"Home\",\"item\":\"https:\/\/globaldentalcare.it\/de\/\"},{\"@type\":\"ListItem\",\"position\":2,\"name\":\"Datenschutzbestimmungen\"}]},{\"@type\":\"WebSite\",\"@id\":\"https:\/\/globaldentalcare.it\/de\/#website\",\"url\":\"https:\/\/globaldentalcare.it\/de\/\",\"name\":\"Global Dental Care\",\"description\":\"Global Dental Care\",\"publisher\":{\"@id\":\"https:\/\/globaldentalcare.it\/de\/#organization\"},\"potentialAction\":[{\"@type\":\"SearchAction\",\"target\":{\"@type\":\"EntryPoint\",\"urlTemplate\":\"https:\/\/globaldentalcare.it\/de\/?s={search_term_string}\"},\"query-input\":{\"@type\":\"PropertyValueSpecification\",\"valueRequired\":true,\"valueName\":\"search_term_string\"}}],\"inLanguage\":\"de\"},{\"@type\":\"Organization\",\"@id\":\"https:\/\/globaldentalcare.it\/de\/#organization\",\"name\":\"Global Dental Care\",\"url\":\"https:\/\/globaldentalcare.it\/de\/\",\"logo\":{\"@type\":\"ImageObject\",\"inLanguage\":\"de\",\"@id\":\"https:\/\/globaldentalcare.it\/de\/#\/schema\/logo\/image\/\",\"url\":\"https:\/\/globaldentalcare.it\/wp-content\/uploads\/2024\/02\/logo-greco-dental-care.jpg\",\"contentUrl\":\"https:\/\/globaldentalcare.it\/wp-content\/uploads\/2024\/02\/logo-greco-dental-care.jpg\",\"width\":696,\"height\":696,\"caption\":\"Global Dental Care\"},\"image\":{\"@id\":\"https:\/\/globaldentalcare.it\/de\/#\/schema\/logo\/image\/\"},\"sameAs\":[\"https:\/\/www.facebook.com\/grecodentalcare\",\"https:\/\/www.instagram.com\/greco_dental_care\/\"]}]}<\/script>\n<!-- \/ Yoast SEO plugin. -->","yoast_head_json":{"title":"Datenschutzbestimmungen - Global Dental Care","robots":{"index":"index","follow":"follow","max-snippet":"max-snippet:-1","max-image-preview":"max-image-preview:large","max-video-preview":"max-video-preview:-1"},"canonical":"https:\/\/globaldentalcare.it\/de\/datenschutzbestimmungen\/","og_locale":"de_DE","og_type":"article","og_title":"Datenschutzbestimmungen - Global Dental Care","og_description":"[vc_row][vc_column][vc_column_text] Diese Anwendung sammelt einige pers\u00f6nliche Daten ihrer Nutzer. Data Controller Global Dental Care, Galleria Stella 13, 39100 Bozen (BZ) E-Mail Adresse des Inhabers: info@globaldentalcare.it Arten von gesammelten Daten Zu den pers\u00f6nlichen Daten, die von dieser Anwendung unabh\u00e4ngig oder \u00fcber Dritte gesammelt werden, geh\u00f6ren:Cookies, Nutzungsdaten, E-Mail, Name. Ausf\u00fchrliche Informationen zu jeder Art von Daten, die [&hellip;]","og_url":"https:\/\/globaldentalcare.it\/de\/datenschutzbestimmungen\/","og_site_name":"Global Dental Care","article_publisher":"https:\/\/www.facebook.com\/grecodentalcare","article_modified_time":"2025-05-02T10:48:56+00:00","twitter_card":"summary_large_image","twitter_misc":{"Gesch\u00e4tzte Lesezeit":"17\u00a0Minuten"},"schema":{"@context":"https:\/\/schema.org","@graph":[{"@type":"WebPage","@id":"https:\/\/globaldentalcare.it\/de\/datenschutzbestimmungen\/","url":"https:\/\/globaldentalcare.it\/de\/datenschutzbestimmungen\/","name":"Datenschutzbestimmungen - Global Dental Care","isPartOf":{"@id":"https:\/\/globaldentalcare.it\/de\/#website"},"datePublished":"2022-01-09T12:06:30+00:00","dateModified":"2025-05-02T10:48:56+00:00","breadcrumb":{"@id":"https:\/\/globaldentalcare.it\/de\/datenschutzbestimmungen\/#breadcrumb"},"inLanguage":"de","potentialAction":[{"@type":"ReadAction","target":["https:\/\/globaldentalcare.it\/de\/datenschutzbestimmungen\/"]}]},{"@type":"BreadcrumbList","@id":"https:\/\/globaldentalcare.it\/de\/datenschutzbestimmungen\/#breadcrumb","itemListElement":[{"@type":"ListItem","position":1,"name":"Home","item":"https:\/\/globaldentalcare.it\/de\/"},{"@type":"ListItem","position":2,"name":"Datenschutzbestimmungen"}]},{"@type":"WebSite","@id":"https:\/\/globaldentalcare.it\/de\/#website","url":"https:\/\/globaldentalcare.it\/de\/","name":"Global Dental Care","description":"Global Dental Care","publisher":{"@id":"https:\/\/globaldentalcare.it\/de\/#organization"},"potentialAction":[{"@type":"SearchAction","target":{"@type":"EntryPoint","urlTemplate":"https:\/\/globaldentalcare.it\/de\/?s={search_term_string}"},"query-input":{"@type":"PropertyValueSpecification","valueRequired":true,"valueName":"search_term_string"}}],"inLanguage":"de"},{"@type":"Organization","@id":"https:\/\/globaldentalcare.it\/de\/#organization","name":"Global Dental Care","url":"https:\/\/globaldentalcare.it\/de\/","logo":{"@type":"ImageObject","inLanguage":"de","@id":"https:\/\/globaldentalcare.it\/de\/#\/schema\/logo\/image\/","url":"https:\/\/globaldentalcare.it\/wp-content\/uploads\/2024\/02\/logo-greco-dental-care.jpg","contentUrl":"https:\/\/globaldentalcare.it\/wp-content\/uploads\/2024\/02\/logo-greco-dental-care.jpg","width":696,"height":696,"caption":"Global Dental Care"},"image":{"@id":"https:\/\/globaldentalcare.it\/de\/#\/schema\/logo\/image\/"},"sameAs":["https:\/\/www.facebook.com\/grecodentalcare","https:\/\/www.instagram.com\/greco_dental_care\/"]}]}},"_links":{"self":[{"href":"https:\/\/globaldentalcare.it\/de\/wp-json\/wp\/v2\/pages\/2725","targetHints":{"allow":["GET"]}}],"collection":[{"href":"https:\/\/globaldentalcare.it\/de\/wp-json\/wp\/v2\/pages"}],"about":[{"href":"https:\/\/globaldentalcare.it\/de\/wp-json\/wp\/v2\/types\/page"}],"author":[{"embeddable":true,"href":"https:\/\/globaldentalcare.it\/de\/wp-json\/wp\/v2\/users\/1"}],"replies":[{"embeddable":true,"href":"https:\/\/globaldentalcare.it\/de\/wp-json\/wp\/v2\/comments?post=2725"}],"version-history":[{"count":2,"href":"https:\/\/globaldentalcare.it\/de\/wp-json\/wp\/v2\/pages\/2725\/revisions"}],"predecessor-version":[{"id":2732,"href":"https:\/\/globaldentalcare.it\/de\/wp-json\/wp\/v2\/pages\/2725\/revisions\/2732"}],"wp:attachment":[{"href":"https:\/\/globaldentalcare.it\/de\/wp-json\/wp\/v2\/media?parent=2725"}],"curies":[{"name":"wp","href":"https:\/\/api.w.org\/{rel}","templated":true}]}}